{"id":20342,"date":"2023-05-23T21:14:53","date_gmt":"2023-05-23T21:14:53","guid":{"rendered":"https:\/\/www.zaragoza.unam.mx\/bienvenida-primer-ingreso\/?page_id=20342"},"modified":"2025-05-22T00:35:55","modified_gmt":"2025-05-22T00:35:55","slug":"formacion-integral-transversal","status":"publish","type":"page","link":"https:\/\/www.zaragoza.unam.mx\/bienvenida-primer-ingreso\/formacion-integral-transversal\/","title":{"rendered":"Formaci\u00f3n Integral-transversal"},"content":{"rendered":"\t\t<div data-elementor-type=\"wp-page\" data-elementor-id=\"20342\" class=\"elementor elementor-20342\">\n\t\t\t\t\t\t<section class=\"elementor-section elementor-top-section elementor-element elementor-element-902109f elementor-section-boxed elementor-section-height-default elementor-section-height-default\" data-id=\"902109f\" data-element_type=\"section\">\n\t\t\t\t\t\t<div class=\"elementor-container elementor-column-gap-default\">\n\t\t\t\t\t<div class=\"elementor-column elementor-col-100 elementor-top-column elementor-element elementor-element-a63da86\" data-id=\"a63da86\" data-element_type=\"column\">\n\t\t\t<div class=\"elementor-widget-wrap\">\n\t\t\t\t\t\t\t<\/div>\n\t\t<\/div>\n\t\t\t\t\t<\/div>\n\t\t<\/section>\n\t\t\t\t<section class=\"elementor-section elementor-top-section elementor-element elementor-element-4152c8d elementor-section-full_width elementor-section-stretched elementor-section-height-default elementor-section-height-default\" data-id=\"4152c8d\" data-element_type=\"section\" data-settings=\"{&quot;stretch_section&quot;:&quot;section-stretched&quot;}\">\n\t\t\t\t\t\t\t<div class=\"elementor-background-overlay\"><\/div>\n\t\t\t\t\t\t\t<div class=\"elementor-container elementor-column-gap-no\">\n\t\t\t\t\t<div class=\"elementor-column elementor-col-100 elementor-top-column elementor-element elementor-element-1a9574c\" data-id=\"1a9574c\" data-element_type=\"column\">\n\t\t\t<div class=\"elementor-widget-wrap elementor-element-populated\">\n\t\t\t\t\t\t<div class=\"elementor-element elementor-element-42a2ad1 elementor-widget elementor-widget-image\" data-id=\"42a2ad1\" data-element_type=\"widget\" data-settings=\"{&quot;_animation&quot;:&quot;none&quot;}\" data-widget_type=\"image.default\">\n\t\t\t\t<div class=\"elementor-widget-container\">\n\t\t\t\t\t\t\t\t\t\t\t\t\t\t\t<img fetchpriority=\"high\" decoding=\"async\" width=\"1010\" height=\"230\" src=\"https:\/\/www.zaragoza.unam.mx\/bienvenida-primer-ingreso\/wp-content\/uploads\/2025\/05\/header_familias_FORMACION_2026.png\" class=\"attachment-full size-full wp-image-27086\" alt=\"\" srcset=\"https:\/\/www.zaragoza.unam.mx\/bienvenida-primer-ingreso\/wp-content\/uploads\/2025\/05\/header_familias_FORMACION_2026.png 1010w, https:\/\/www.zaragoza.unam.mx\/bienvenida-primer-ingreso\/wp-content\/uploads\/2025\/05\/header_familias_FORMACION_2026-300x68.png 300w, https:\/\/www.zaragoza.unam.mx\/bienvenida-primer-ingreso\/wp-content\/uploads\/2025\/05\/header_familias_FORMACION_2026-768x175.png 768w\" sizes=\"(max-width: 1010px) 100vw, 1010px\" \/>\t\t\t\t\t\t\t\t\t\t\t\t\t\t\t<\/div>\n\t\t\t\t<\/div>\n\t\t\t\t\t<\/div>\n\t\t<\/div>\n\t\t\t\t\t<\/div>\n\t\t<\/section>\n\t\t\t\t<section class=\"elementor-section elementor-top-section elementor-element elementor-element-3ddd183 elementor-section-boxed elementor-section-height-default elementor-section-height-default\" data-id=\"3ddd183\" data-element_type=\"section\">\n\t\t\t\t\t\t<div class=\"elementor-container elementor-column-gap-default\">\n\t\t\t\t\t<div class=\"elementor-column elementor-col-100 elementor-top-column elementor-element elementor-element-a9cfb80\" data-id=\"a9cfb80\" data-element_type=\"column\">\n\t\t\t<div class=\"elementor-widget-wrap elementor-element-populated\">\n\t\t\t\t\t\t<div class=\"elementor-element elementor-element-e844bd5 elementor-widget elementor-widget-spacer\" data-id=\"e844bd5\" data-element_type=\"widget\" data-widget_type=\"spacer.default\">\n\t\t\t\t<div class=\"elementor-widget-container\">\n\t\t\t\t\t\t\t<div class=\"elementor-spacer\">\n\t\t\t<div class=\"elementor-spacer-inner\"><\/div>\n\t\t<\/div>\n\t\t\t\t\t\t<\/div>\n\t\t\t\t<\/div>\n\t\t\t\t\t<\/div>\n\t\t<\/div>\n\t\t\t\t\t<\/div>\n\t\t<\/section>\n\t\t\t\t<section class=\"elementor-section elementor-top-section elementor-element elementor-element-73a89e1 elementor-section-boxed elementor-section-height-default elementor-section-height-default\" data-id=\"73a89e1\" data-element_type=\"section\">\n\t\t\t\t\t\t<div class=\"elementor-container elementor-column-gap-default\">\n\t\t\t\t\t<div class=\"elementor-column elementor-col-100 elementor-top-column elementor-element elementor-element-65b8425\" data-id=\"65b8425\" data-element_type=\"column\">\n\t\t\t<div class=\"elementor-widget-wrap elementor-element-populated\">\n\t\t\t\t\t\t<div class=\"elementor-element elementor-element-2d9359a elementor-widget elementor-widget-text-editor\" data-id=\"2d9359a\" data-element_type=\"widget\" data-widget_type=\"text-editor.default\">\n\t\t\t\t<div class=\"elementor-widget-container\">\n\t\t\t\t\t\t\t\t\t<p>La Facultad de Estudios Superiores Zaragoza pone a disposici\u00f3n de la comunidad estudiantil un\u00a0<strong>Modelo de Formaci\u00f3n Integral-Transversal<\/strong>, a trav\u00e9s de actividades extracurriculares que potencian el desarrollo humano y las habilidades cognitivo-emocionales; y de una oferta de servicios que reducen los \u00edndices de rezago y abandono escolar.<\/p>\t\t\t\t\t\t\t\t<\/div>\n\t\t\t\t<\/div>\n\t\t\t\t\t<\/div>\n\t\t<\/div>\n\t\t\t\t\t<\/div>\n\t\t<\/section>\n\t\t\t\t<section class=\"elementor-section elementor-top-section elementor-element elementor-element-2858ea7 elementor-section-boxed elementor-section-height-default elementor-section-height-default\" data-id=\"2858ea7\" data-element_type=\"section\">\n\t\t\t\t\t\t<div class=\"elementor-container elementor-column-gap-default\">\n\t\t\t\t\t<div class=\"elementor-column elementor-col-100 elementor-top-column elementor-element elementor-element-93a64a5\" data-id=\"93a64a5\" data-element_type=\"column\">\n\t\t\t<div class=\"elementor-widget-wrap elementor-element-populated\">\n\t\t\t\t\t\t<div class=\"elementor-element elementor-element-262bb6a elementor-widget elementor-widget-text-editor\" data-id=\"262bb6a\" data-element_type=\"widget\" data-widget_type=\"text-editor.default\">\n\t\t\t\t<div class=\"elementor-widget-container\">\n\t\t\t\t\t\t\t\t\t<h3 style=\"text-align: left;\"><span style=\"color: #314257;\"><strong>Salud mental<\/strong><\/span><\/h3><p>Propiciamos la salud mental del alumnado, a trav\u00e9s de actividades masivas que promueven el bienestar emocional y de actividades que colectivas que previenen la aparici\u00f3n de problemas emocionales. Adem\u00e1s, la comunidad estudiantil tiene la posibilidad de agendar una cita para recibir orientaci\u00f3n psicol\u00f3gica individual.<\/p>\t\t\t\t\t\t\t\t<\/div>\n\t\t\t\t<\/div>\n\t\t\t\t\t<\/div>\n\t\t<\/div>\n\t\t\t\t\t<\/div>\n\t\t<\/section>\n\t\t\t\t<section class=\"elementor-section elementor-top-section elementor-element elementor-element-fc9e335 elementor-section-boxed elementor-section-height-default elementor-section-height-default\" data-id=\"fc9e335\" data-element_type=\"section\">\n\t\t\t\t\t\t<div class=\"elementor-container elementor-column-gap-default\">\n\t\t\t\t\t<div class=\"elementor-column elementor-col-100 elementor-top-column elementor-element elementor-element-50852f7\" data-id=\"50852f7\" data-element_type=\"column\">\n\t\t\t<div class=\"elementor-widget-wrap elementor-element-populated\">\n\t\t\t\t\t\t<div class=\"elementor-element elementor-element-068f45c elementor-widget-divider--view-line elementor-widget elementor-widget-divider\" data-id=\"068f45c\" data-element_type=\"widget\" data-widget_type=\"divider.default\">\n\t\t\t\t<div class=\"elementor-widget-container\">\n\t\t\t\t\t\t\t<div class=\"elementor-divider\">\n\t\t\t<span class=\"elementor-divider-separator\">\n\t\t\t\t\t\t<\/span>\n\t\t<\/div>\n\t\t\t\t\t\t<\/div>\n\t\t\t\t<\/div>\n\t\t\t\t\t<\/div>\n\t\t<\/div>\n\t\t\t\t\t<\/div>\n\t\t<\/section>\n\t\t\t\t<section class=\"elementor-section elementor-top-section elementor-element elementor-element-0593e0b elementor-section-boxed elementor-section-height-default elementor-section-height-default\" data-id=\"0593e0b\" data-element_type=\"section\">\n\t\t\t\t\t\t<div class=\"elementor-container elementor-column-gap-default\">\n\t\t\t\t\t<div class=\"elementor-column elementor-col-100 elementor-top-column elementor-element elementor-element-fc18e21\" data-id=\"fc18e21\" data-element_type=\"column\">\n\t\t\t<div class=\"elementor-widget-wrap elementor-element-populated\">\n\t\t\t\t\t\t<div class=\"elementor-element elementor-element-96ce23e elementor-widget elementor-widget-text-editor\" data-id=\"96ce23e\" data-element_type=\"widget\" data-widget_type=\"text-editor.default\">\n\t\t\t\t<div class=\"elementor-widget-container\">\n\t\t\t\t\t\t\t\t\t<h3 style=\"text-align: left;\"><span style=\"color: #314257;\"><strong>Orientaci\u00f3n vocacional<\/strong><\/span><\/h3><p>Brindamos orientaci\u00f3n a las alumnas y los alumnos para que conozcan los planes de estudio que se ofertan en la Facultad de Estudios Superiores Zaragoza, principalmente al alumnado de nivel medio superior de entidades p\u00fablicas y privadas; y al alumnado de la facultad que desea conocer de manera profunda las \u00e1reas que conforman los planes de estudios de las carreras. Tambi\u00e9n, orientamos a las personas egresadas que tienen inter\u00e9s en cursar un programa de Posgrado.<\/p>\t\t\t\t\t\t\t\t<\/div>\n\t\t\t\t<\/div>\n\t\t\t\t\t<\/div>\n\t\t<\/div>\n\t\t\t\t\t<\/div>\n\t\t<\/section>\n\t\t\t\t<section class=\"elementor-section elementor-top-section elementor-element elementor-element-1c8c6b8 elementor-section-boxed elementor-section-height-default elementor-section-height-default\" data-id=\"1c8c6b8\" data-element_type=\"section\">\n\t\t\t\t\t\t<div class=\"elementor-container elementor-column-gap-default\">\n\t\t\t\t\t<div class=\"elementor-column elementor-col-100 elementor-top-column elementor-element elementor-element-d8fea53\" data-id=\"d8fea53\" data-element_type=\"column\">\n\t\t\t<div class=\"elementor-widget-wrap elementor-element-populated\">\n\t\t\t\t\t\t<div class=\"elementor-element elementor-element-a8ff392 elementor-widget-divider--view-line elementor-widget elementor-widget-divider\" data-id=\"a8ff392\" data-element_type=\"widget\" data-widget_type=\"divider.default\">\n\t\t\t\t<div class=\"elementor-widget-container\">\n\t\t\t\t\t\t\t<div class=\"elementor-divider\">\n\t\t\t<span class=\"elementor-divider-separator\">\n\t\t\t\t\t\t<\/span>\n\t\t<\/div>\n\t\t\t\t\t\t<\/div>\n\t\t\t\t<\/div>\n\t\t\t\t\t<\/div>\n\t\t<\/div>\n\t\t\t\t\t<\/div>\n\t\t<\/section>\n\t\t\t\t<section class=\"elementor-section elementor-top-section elementor-element elementor-element-1458fa5 elementor-section-boxed elementor-section-height-default elementor-section-height-default\" data-id=\"1458fa5\" data-element_type=\"section\">\n\t\t\t\t\t\t<div class=\"elementor-container elementor-column-gap-default\">\n\t\t\t\t\t<div class=\"elementor-column elementor-col-100 elementor-top-column elementor-element elementor-element-7acfd52\" data-id=\"7acfd52\" data-element_type=\"column\">\n\t\t\t<div class=\"elementor-widget-wrap elementor-element-populated\">\n\t\t\t\t\t\t<div class=\"elementor-element elementor-element-4907d51 elementor-widget elementor-widget-text-editor\" data-id=\"4907d51\" data-element_type=\"widget\" data-widget_type=\"text-editor.default\">\n\t\t\t\t<div class=\"elementor-widget-container\">\n\t\t\t\t\t\t\t\t\t<h3 style=\"text-align: left;\"><span style=\"color: #314257;\"><strong>Becas<\/strong><\/span><\/h3><p>Desde su ingreso a la facultad y hasta que inician el proceso de titulaci\u00f3n, las alumnas y los alumnos tienen la posibilidad de solicitar alguna de las diferentes becas que ofrece la Universidad Nacional Aut\u00f3noma de M\u00e9xico.<\/p>\t\t\t\t\t\t\t\t<\/div>\n\t\t\t\t<\/div>\n\t\t\t\t\t<\/div>\n\t\t<\/div>\n\t\t\t\t\t<\/div>\n\t\t<\/section>\n\t\t\t\t<section class=\"elementor-section elementor-top-section elementor-element elementor-element-ddac86f elementor-section-boxed elementor-section-height-default elementor-section-height-default\" data-id=\"ddac86f\" data-element_type=\"section\">\n\t\t\t\t\t\t<div class=\"elementor-container elementor-column-gap-default\">\n\t\t\t\t\t<div class=\"elementor-column elementor-col-100 elementor-top-column elementor-element elementor-element-a051d8c\" data-id=\"a051d8c\" data-element_type=\"column\">\n\t\t\t<div class=\"elementor-widget-wrap elementor-element-populated\">\n\t\t\t\t\t\t<div class=\"elementor-element elementor-element-4003569 elementor-widget-divider--view-line elementor-widget elementor-widget-divider\" data-id=\"4003569\" data-element_type=\"widget\" data-widget_type=\"divider.default\">\n\t\t\t\t<div class=\"elementor-widget-container\">\n\t\t\t\t\t\t\t<div class=\"elementor-divider\">\n\t\t\t<span class=\"elementor-divider-separator\">\n\t\t\t\t\t\t<\/span>\n\t\t<\/div>\n\t\t\t\t\t\t<\/div>\n\t\t\t\t<\/div>\n\t\t\t\t\t<\/div>\n\t\t<\/div>\n\t\t\t\t\t<\/div>\n\t\t<\/section>\n\t\t\t\t<section class=\"elementor-section elementor-top-section elementor-element elementor-element-a24952c elementor-section-boxed elementor-section-height-default elementor-section-height-default\" data-id=\"a24952c\" data-element_type=\"section\">\n\t\t\t\t\t\t<div class=\"elementor-container elementor-column-gap-default\">\n\t\t\t\t\t<div class=\"elementor-column elementor-col-100 elementor-top-column elementor-element elementor-element-8d976d3\" data-id=\"8d976d3\" data-element_type=\"column\">\n\t\t\t<div class=\"elementor-widget-wrap elementor-element-populated\">\n\t\t\t\t\t\t<div class=\"elementor-element elementor-element-3e3d353 elementor-widget elementor-widget-text-editor\" data-id=\"3e3d353\" data-element_type=\"widget\" data-widget_type=\"text-editor.default\">\n\t\t\t\t<div class=\"elementor-widget-container\">\n\t\t\t\t\t\t\t\t\t<h3 style=\"text-align: left;\"><span style=\"color: #314257;\"><strong>Tutor\u00eda<\/strong><\/span><\/h3><p>La Facultad de Estudios Superiores Zaragoza, cuenta con un Programa Institucional de Tutor\u00eda. Por medio de esta estrategia una profesora o profesor con formaci\u00f3n en Tutor\u00eda, brinda acompa\u00f1amiento, asesor\u00eda, orientaci\u00f3n y seguimiento a los estudiantes con la finalidad de atender las dificultades que se presenten y de potenciar su desarrollo acad\u00e9mico y social.<\/p>\t\t\t\t\t\t\t\t<\/div>\n\t\t\t\t<\/div>\n\t\t\t\t\t<\/div>\n\t\t<\/div>\n\t\t\t\t\t<\/div>\n\t\t<\/section>\n\t\t\t\t<section class=\"elementor-section elementor-top-section elementor-element elementor-element-a3b3d90 elementor-section-boxed elementor-section-height-default elementor-section-height-default\" data-id=\"a3b3d90\" data-element_type=\"section\">\n\t\t\t\t\t\t<div class=\"elementor-container elementor-column-gap-default\">\n\t\t\t\t\t<div class=\"elementor-column elementor-col-100 elementor-top-column elementor-element elementor-element-e9233e6\" data-id=\"e9233e6\" data-element_type=\"column\">\n\t\t\t<div class=\"elementor-widget-wrap elementor-element-populated\">\n\t\t\t\t\t\t<div class=\"elementor-element elementor-element-bf5ea36 elementor-widget-divider--view-line elementor-widget elementor-widget-divider\" data-id=\"bf5ea36\" data-element_type=\"widget\" data-widget_type=\"divider.default\">\n\t\t\t\t<div class=\"elementor-widget-container\">\n\t\t\t\t\t\t\t<div class=\"elementor-divider\">\n\t\t\t<span class=\"elementor-divider-separator\">\n\t\t\t\t\t\t<\/span>\n\t\t<\/div>\n\t\t\t\t\t\t<\/div>\n\t\t\t\t<\/div>\n\t\t\t\t\t<\/div>\n\t\t<\/div>\n\t\t\t\t\t<\/div>\n\t\t<\/section>\n\t\t\t\t<section class=\"elementor-section elementor-top-section elementor-element elementor-element-e999912 elementor-section-boxed elementor-section-height-default elementor-section-height-default\" data-id=\"e999912\" data-element_type=\"section\">\n\t\t\t\t\t\t<div class=\"elementor-container elementor-column-gap-default\">\n\t\t\t\t\t<div class=\"elementor-column elementor-col-100 elementor-top-column elementor-element elementor-element-946d21c\" data-id=\"946d21c\" data-element_type=\"column\">\n\t\t\t<div class=\"elementor-widget-wrap elementor-element-populated\">\n\t\t\t\t\t\t<div class=\"elementor-element elementor-element-ffba704 elementor-widget elementor-widget-text-editor\" data-id=\"ffba704\" data-element_type=\"widget\" data-widget_type=\"text-editor.default\">\n\t\t\t\t<div class=\"elementor-widget-container\">\n\t\t\t\t\t\t\t\t\t<h3 style=\"text-align: left;\"><span style=\"color: #314257;\"><strong>Vinculaci\u00f3n Laboral<\/strong><\/span><\/h3><p>Proporcionamos asesor\u00eda y orientaci\u00f3n para la colocaci\u00f3n de las alumnas y los alumnos que tomen la decisi\u00f3n de insertarse al mercado laboral.<\/p>\t\t\t\t\t\t\t\t<\/div>\n\t\t\t\t<\/div>\n\t\t\t\t\t<\/div>\n\t\t<\/div>\n\t\t\t\t\t<\/div>\n\t\t<\/section>\n\t\t\t\t<section class=\"elementor-section elementor-top-section elementor-element elementor-element-7b0edf1 elementor-section-boxed elementor-section-height-default elementor-section-height-default\" data-id=\"7b0edf1\" data-element_type=\"section\">\n\t\t\t\t\t\t<div class=\"elementor-container elementor-column-gap-default\">\n\t\t\t\t\t<div class=\"elementor-column elementor-col-100 elementor-top-column elementor-element elementor-element-d3db79a\" data-id=\"d3db79a\" data-element_type=\"column\">\n\t\t\t<div class=\"elementor-widget-wrap elementor-element-populated\">\n\t\t\t\t\t\t<div class=\"elementor-element elementor-element-03706d3 elementor-widget-divider--view-line elementor-widget elementor-widget-divider\" data-id=\"03706d3\" data-element_type=\"widget\" data-widget_type=\"divider.default\">\n\t\t\t\t<div class=\"elementor-widget-container\">\n\t\t\t\t\t\t\t<div class=\"elementor-divider\">\n\t\t\t<span class=\"elementor-divider-separator\">\n\t\t\t\t\t\t<\/span>\n\t\t<\/div>\n\t\t\t\t\t\t<\/div>\n\t\t\t\t<\/div>\n\t\t\t\t\t<\/div>\n\t\t<\/div>\n\t\t\t\t\t<\/div>\n\t\t<\/section>\n\t\t\t\t<section class=\"elementor-section elementor-top-section elementor-element elementor-element-56d75a4 elementor-section-boxed elementor-section-height-default elementor-section-height-default\" data-id=\"56d75a4\" data-element_type=\"section\">\n\t\t\t\t\t\t<div class=\"elementor-container elementor-column-gap-default\">\n\t\t\t\t\t<div class=\"elementor-column elementor-col-100 elementor-top-column elementor-element elementor-element-d57b9b8\" data-id=\"d57b9b8\" data-element_type=\"column\">\n\t\t\t<div class=\"elementor-widget-wrap elementor-element-populated\">\n\t\t\t\t\t\t<div class=\"elementor-element elementor-element-e92d8ff elementor-widget elementor-widget-text-editor\" data-id=\"e92d8ff\" data-element_type=\"widget\" data-widget_type=\"text-editor.default\">\n\t\t\t\t<div class=\"elementor-widget-container\">\n\t\t\t\t\t\t\t\t\t<h3 style=\"text-align: left;\"><span style=\"color: #314257;\"><strong>Movilidad Estudiantil<\/strong><\/span><\/h3><p>Impulsamos y gestionamos la movilidad estudiantil para que nuestro alumnado tenga la posibilidad de realizar una estancia que le permita ampliar su \u00e1mbito acad\u00e9mico y experiencia profesional, cursando asignaturas en una Instituci\u00f3n de Educaci\u00f3n Superior extranjera.<\/p>\t\t\t\t\t\t\t\t<\/div>\n\t\t\t\t<\/div>\n\t\t\t\t\t<\/div>\n\t\t<\/div>\n\t\t\t\t\t<\/div>\n\t\t<\/section>\n\t\t\t\t<section class=\"elementor-section elementor-top-section elementor-element elementor-element-34a426b elementor-section-boxed elementor-section-height-default elementor-section-height-default\" data-id=\"34a426b\" data-element_type=\"section\">\n\t\t\t\t\t\t<div class=\"elementor-container elementor-column-gap-default\">\n\t\t\t\t\t<div class=\"elementor-column elementor-col-100 elementor-top-column elementor-element elementor-element-c2df001\" data-id=\"c2df001\" data-element_type=\"column\">\n\t\t\t<div class=\"elementor-widget-wrap elementor-element-populated\">\n\t\t\t\t\t\t<div class=\"elementor-element elementor-element-36c7880 elementor-widget-divider--view-line elementor-widget elementor-widget-divider\" data-id=\"36c7880\" data-element_type=\"widget\" data-widget_type=\"divider.default\">\n\t\t\t\t<div class=\"elementor-widget-container\">\n\t\t\t\t\t\t\t<div class=\"elementor-divider\">\n\t\t\t<span class=\"elementor-divider-separator\">\n\t\t\t\t\t\t<\/span>\n\t\t<\/div>\n\t\t\t\t\t\t<\/div>\n\t\t\t\t<\/div>\n\t\t\t\t\t<\/div>\n\t\t<\/div>\n\t\t\t\t\t<\/div>\n\t\t<\/section>\n\t\t\t\t<section class=\"elementor-section elementor-top-section elementor-element elementor-element-ecdfd71 elementor-section-boxed elementor-section-height-default elementor-section-height-default\" data-id=\"ecdfd71\" data-element_type=\"section\">\n\t\t\t\t\t\t<div class=\"elementor-container elementor-column-gap-default\">\n\t\t\t\t\t<div class=\"elementor-column elementor-col-100 elementor-top-column elementor-element elementor-element-377961c\" data-id=\"377961c\" data-element_type=\"column\">\n\t\t\t<div class=\"elementor-widget-wrap elementor-element-populated\">\n\t\t\t\t\t\t<div class=\"elementor-element elementor-element-1ade9bb elementor-widget elementor-widget-text-editor\" data-id=\"1ade9bb\" data-element_type=\"widget\" data-widget_type=\"text-editor.default\">\n\t\t\t\t<div class=\"elementor-widget-container\">\n\t\t\t\t\t\t\t\t\t<h3 style=\"text-align: left;\"><span style=\"color: #314257;\"><strong>Pr\u00e1ctica Profesional<\/strong><\/span><\/h3><p>Poco antes de concluir o una vez concluidos los cr\u00e9ditos de su formaci\u00f3n profesional, nuestro alumnado puede incorporarse dentro de una entidad p\u00fablica, privada o social para realizar sus pr\u00e1cticas profesionales. Esta es una experiencia temporal que permite al alumnado conocer las din\u00e1micas de trabajo y entrenamiento laboral en condiciones lo m\u00e1s pr\u00f3ximas a la realidad.<\/p>\t\t\t\t\t\t\t\t<\/div>\n\t\t\t\t<\/div>\n\t\t\t\t\t<\/div>\n\t\t<\/div>\n\t\t\t\t\t<\/div>\n\t\t<\/section>\n\t\t\t\t<section class=\"elementor-section elementor-top-section elementor-element elementor-element-1e6b713 elementor-section-boxed elementor-section-height-default elementor-section-height-default\" data-id=\"1e6b713\" data-element_type=\"section\">\n\t\t\t\t\t\t<div class=\"elementor-container elementor-column-gap-default\">\n\t\t\t\t\t<div class=\"elementor-column elementor-col-100 elementor-top-column elementor-element elementor-element-82d5b78\" data-id=\"82d5b78\" data-element_type=\"column\">\n\t\t\t<div class=\"elementor-widget-wrap elementor-element-populated\">\n\t\t\t\t\t\t<div class=\"elementor-element elementor-element-cdaa95f elementor-widget-divider--view-line elementor-widget elementor-widget-divider\" data-id=\"cdaa95f\" data-element_type=\"widget\" data-widget_type=\"divider.default\">\n\t\t\t\t<div class=\"elementor-widget-container\">\n\t\t\t\t\t\t\t<div class=\"elementor-divider\">\n\t\t\t<span class=\"elementor-divider-separator\">\n\t\t\t\t\t\t<\/span>\n\t\t<\/div>\n\t\t\t\t\t\t<\/div>\n\t\t\t\t<\/div>\n\t\t\t\t\t<\/div>\n\t\t<\/div>\n\t\t\t\t\t<\/div>\n\t\t<\/section>\n\t\t\t\t<section class=\"elementor-section elementor-top-section elementor-element elementor-element-d3f582e elementor-section-boxed elementor-section-height-default elementor-section-height-default\" data-id=\"d3f582e\" data-element_type=\"section\">\n\t\t\t\t\t\t<div class=\"elementor-container elementor-column-gap-default\">\n\t\t\t\t\t<div class=\"elementor-column elementor-col-100 elementor-top-column elementor-element elementor-element-ce518d7\" data-id=\"ce518d7\" data-element_type=\"column\">\n\t\t\t<div class=\"elementor-widget-wrap elementor-element-populated\">\n\t\t\t\t\t\t<div class=\"elementor-element elementor-element-87ae8e9 elementor-widget elementor-widget-text-editor\" data-id=\"87ae8e9\" data-element_type=\"widget\" data-widget_type=\"text-editor.default\">\n\t\t\t\t<div class=\"elementor-widget-container\">\n\t\t\t\t\t\t\t\t\t<h3 style=\"text-align: left;\"><span style=\"color: #314257;\"><strong>Actividades Culturales<\/strong><\/span><\/h3><p>El Departamento de Actividades Culturales propicia el acercamiento de la Comunidad Zaragozana a las expresiones art\u00edsticas y culturales a trav\u00e9s de talleres culturales de danza, teatro, m\u00fasica, pintura, escultura, etc. disponibles para todo p\u00fablico.<\/p><p>La comunidad participante desarrolla habilidades que complementan su formaci\u00f3n acad\u00e9mica, de igual manera, adquieren de habilidades para la vida, desarrollan capacidades de apreciaci\u00f3n est\u00e9tica, socializaci\u00f3n, empat\u00eda, resoluci\u00f3n de problemas, autoconocimiento, y la oportunidad de involucrarse activamente en la vida cultural de la facultad.<\/p><p>El Departamento de Actividades Culturales ofrece actividades sin costo para la comunidad zaragozana y sus familiares. La oferta de actividades incluye conciertos, obras de teatro, muestras art\u00edsticas de improvisaci\u00f3n, conferencias, clubes de lectura, clubes de cine, entre otras.<\/p>\t\t\t\t\t\t\t\t<\/div>\n\t\t\t\t<\/div>\n\t\t\t\t\t<\/div>\n\t\t<\/div>\n\t\t\t\t\t<\/div>\n\t\t<\/section>\n\t\t\t\t<section class=\"elementor-section elementor-top-section elementor-element elementor-element-987255a elementor-section-boxed elementor-section-height-default elementor-section-height-default\" data-id=\"987255a\" data-element_type=\"section\">\n\t\t\t\t\t\t<div class=\"elementor-container elementor-column-gap-default\">\n\t\t\t\t\t<div class=\"elementor-column elementor-col-100 elementor-top-column elementor-element elementor-element-8a71108\" data-id=\"8a71108\" data-element_type=\"column\">\n\t\t\t<div class=\"elementor-widget-wrap elementor-element-populated\">\n\t\t\t\t\t\t<div class=\"elementor-element elementor-element-bd60a85 elementor-widget-divider--view-line elementor-widget elementor-widget-divider\" data-id=\"bd60a85\" data-element_type=\"widget\" data-widget_type=\"divider.default\">\n\t\t\t\t<div class=\"elementor-widget-container\">\n\t\t\t\t\t\t\t<div class=\"elementor-divider\">\n\t\t\t<span class=\"elementor-divider-separator\">\n\t\t\t\t\t\t<\/span>\n\t\t<\/div>\n\t\t\t\t\t\t<\/div>\n\t\t\t\t<\/div>\n\t\t\t\t\t<\/div>\n\t\t<\/div>\n\t\t\t\t\t<\/div>\n\t\t<\/section>\n\t\t\t\t<section class=\"elementor-section elementor-top-section elementor-element elementor-element-51c9908 elementor-section-boxed elementor-section-height-default elementor-section-height-default\" data-id=\"51c9908\" data-element_type=\"section\">\n\t\t\t\t\t\t<div class=\"elementor-container elementor-column-gap-default\">\n\t\t\t\t\t<div class=\"elementor-column elementor-col-100 elementor-top-column elementor-element elementor-element-f2c69a8\" data-id=\"f2c69a8\" data-element_type=\"column\">\n\t\t\t<div class=\"elementor-widget-wrap elementor-element-populated\">\n\t\t\t\t\t\t<div class=\"elementor-element elementor-element-e5abcc5 elementor-widget elementor-widget-text-editor\" data-id=\"e5abcc5\" data-element_type=\"widget\" data-widget_type=\"text-editor.default\">\n\t\t\t\t<div class=\"elementor-widget-container\">\n\t\t\t\t\t\t\t\t\t<h3 style=\"text-align: left;\"><span style=\"color: #314257;\"><strong>Lenguas Extranjeras<\/strong><\/span><\/h3><p>El Departamento de Lenguas Extrajeras (DELEX) de la Facultad de Estudios Superiores Zaragoza, desarrolla en el alumnado habilidades para el manejo de una lengua extranjera. El aprendizaje de otro idioma es fundamental en la formaci\u00f3n universitaria, porque nuestra comunidad tiene mayores oportunidades para obtener una beca en el extranjero y conocer otras culturas; y mejores oportunidades de vinculaci\u00f3n laboral.<\/p><p>El manejo de otro idioma permite al alumnado de la facultad:<\/p><p>\u2022 Consultar bibliograf\u00eda en lengua extranjera.<br \/>\u2022 Tener oportunidad de obtener una beca de movilidad estudiantil al extranjero.<br \/>\u2022 Realizar estudios de posgrado en el extranjero.<\/p><p>El DELEX ofrece cursos sabatinos y semestrales de ingl\u00e9s, franc\u00e9s, portugu\u00e9s y alem\u00e1n; en modalidad presencial o en l\u00ednea con horarios flexibles, costos accesibles, material de apoyo y actividades biculturales. Tambi\u00e9n ofrecemos cursos de preparaci\u00f3n para certificaci\u00f3n internacional de idioma ingl\u00e9s, examen de acreditaci\u00f3n de comprensi\u00f3n de lectura de textos en ingl\u00e9s para la titulaci\u00f3n de la licenciatura; y cursos de dominio y comprensi\u00f3n de textos en ingl\u00e9s. Para obtener m\u00e1s informaci\u00f3n sobre cursos y resolver dudas puede ingresar a: <a href=\"https:\/\/www.zaragoza.unam.mx\/lenguas-extranjeras\/\"><span style=\"color: #3366ff;\"><strong>https:\/\/www.zaragoza.unam.mx\/lenguas-extranjeras\/<\/strong><\/span><\/a><\/p>\t\t\t\t\t\t\t\t<\/div>\n\t\t\t\t<\/div>\n\t\t\t\t\t<\/div>\n\t\t<\/div>\n\t\t\t\t\t<\/div>\n\t\t<\/section>\n\t\t\t\t<section class=\"elementor-section elementor-top-section elementor-element elementor-element-864a9c7 elementor-section-boxed elementor-section-height-default elementor-section-height-default\" data-id=\"864a9c7\" data-element_type=\"section\">\n\t\t\t\t\t\t<div class=\"elementor-container elementor-column-gap-default\">\n\t\t\t\t\t<div class=\"elementor-column elementor-col-100 elementor-top-column elementor-element elementor-element-9dc6294\" data-id=\"9dc6294\" data-element_type=\"column\">\n\t\t\t<div class=\"elementor-widget-wrap elementor-element-populated\">\n\t\t\t\t\t\t<div class=\"elementor-element elementor-element-d833809 elementor-widget-divider--view-line elementor-widget elementor-widget-divider\" data-id=\"d833809\" data-element_type=\"widget\" data-widget_type=\"divider.default\">\n\t\t\t\t<div class=\"elementor-widget-container\">\n\t\t\t\t\t\t\t<div class=\"elementor-divider\">\n\t\t\t<span class=\"elementor-divider-separator\">\n\t\t\t\t\t\t<\/span>\n\t\t<\/div>\n\t\t\t\t\t\t<\/div>\n\t\t\t\t<\/div>\n\t\t\t\t\t<\/div>\n\t\t<\/div>\n\t\t\t\t\t<\/div>\n\t\t<\/section>\n\t\t\t\t<section class=\"elementor-section elementor-top-section elementor-element elementor-element-d183ddc elementor-section-boxed elementor-section-height-default elementor-section-height-default\" data-id=\"d183ddc\" data-element_type=\"section\">\n\t\t\t\t\t\t<div class=\"elementor-container elementor-column-gap-default\">\n\t\t\t\t\t<div class=\"elementor-column elementor-col-100 elementor-top-column elementor-element elementor-element-46ea5b0\" data-id=\"46ea5b0\" data-element_type=\"column\">\n\t\t\t<div class=\"elementor-widget-wrap elementor-element-populated\">\n\t\t\t\t\t\t<div class=\"elementor-element elementor-element-927795b elementor-widget elementor-widget-text-editor\" data-id=\"927795b\" data-element_type=\"widget\" data-widget_type=\"text-editor.default\">\n\t\t\t\t<div class=\"elementor-widget-container\">\n\t\t\t\t\t\t\t\t\t<h3 style=\"text-align: left;\"><span style=\"color: #314257;\"><strong>Actividades Deportivas y L\u00fadicas<\/strong><\/span><\/h3><p>La pr\u00e1ctica deportiva, trae consigo un reconocimiento hacia la formaci\u00f3n y el crecimiento como ser humano. La pr\u00e1ctica deportiva recreativa y las actividades l\u00fadicas se realizan fuera de los \u00e1mbitos profesional o educativo, quien lo practica solamente busca diversi\u00f3n, esparcimiento y entretenci\u00f3n. Se pueden realizar en los tiempos libres entre clase y clase; en canchas, campos, gimnasio cerrado, gimnasio abierto y ludoteca. Estos espacios se han habilitado en la Facultad de Estudios Superiores Zaragoza para mantener una vida activa y saludable.<\/p>\t\t\t\t\t\t\t\t<\/div>\n\t\t\t\t<\/div>\n\t\t\t\t\t<\/div>\n\t\t<\/div>\n\t\t\t\t\t<\/div>\n\t\t<\/section>\n\t\t\t\t<section class=\"elementor-section elementor-top-section elementor-element elementor-element-9b6d648 elementor-section-boxed elementor-section-height-default elementor-section-height-default\" data-id=\"9b6d648\" data-element_type=\"section\">\n\t\t\t\t\t\t<div class=\"elementor-container elementor-column-gap-default\">\n\t\t\t\t\t<div class=\"elementor-column elementor-col-100 elementor-top-column elementor-element elementor-element-dd87d9e\" data-id=\"dd87d9e\" data-element_type=\"column\">\n\t\t\t<div class=\"elementor-widget-wrap elementor-element-populated\">\n\t\t\t\t\t\t<div class=\"elementor-element elementor-element-852c569 elementor-widget-divider--view-line elementor-widget elementor-widget-divider\" data-id=\"852c569\" data-element_type=\"widget\" data-widget_type=\"divider.default\">\n\t\t\t\t<div class=\"elementor-widget-container\">\n\t\t\t\t\t\t\t<div class=\"elementor-divider\">\n\t\t\t<span class=\"elementor-divider-separator\">\n\t\t\t\t\t\t<\/span>\n\t\t<\/div>\n\t\t\t\t\t\t<\/div>\n\t\t\t\t<\/div>\n\t\t\t\t\t<\/div>\n\t\t<\/div>\n\t\t\t\t\t<\/div>\n\t\t<\/section>\n\t\t\t\t<section class=\"elementor-section elementor-top-section elementor-element elementor-element-ebb8614 elementor-section-boxed elementor-section-height-default elementor-section-height-default\" data-id=\"ebb8614\" data-element_type=\"section\">\n\t\t\t\t\t\t<div class=\"elementor-container elementor-column-gap-default\">\n\t\t\t\t\t<div class=\"elementor-column elementor-col-100 elementor-top-column elementor-element elementor-element-eafff20\" data-id=\"eafff20\" data-element_type=\"column\">\n\t\t\t<div class=\"elementor-widget-wrap elementor-element-populated\">\n\t\t\t\t\t\t<div class=\"elementor-element elementor-element-9e4d2a9 elementor-widget elementor-widget-text-editor\" data-id=\"9e4d2a9\" data-element_type=\"widget\" data-widget_type=\"text-editor.default\">\n\t\t\t\t<div class=\"elementor-widget-container\">\n\t\t\t\t\t\t\t\t\t<h3 style=\"text-align: left;\"><span style=\"color: #314257;\"><strong>Deporte de Competencia<\/strong><\/span><\/h3><p>Este tipo de pr\u00e1ctica deportiva nos da muestra de las grandes posibilidades del ser humano, del talento y la pasi\u00f3n desbordantes en los juegos Inter Facultades o las Universiadas, de la alegr\u00eda inmensurable al meter un gol, al convertir la canasta de la victoria, al romper alguna marca en la pista de atletismo; son estas emociones y sentimientos el verdadero valor y m\u00e9rito de nuestro alumnado.<\/p><p>El deporte de competencia ofrece espacios llenos de emociones, alegr\u00edas y tristezas, no s\u00f3lo para el alumnado que lo practica, sino tambi\u00e9n para el alumnado que se re\u00fane a apoyar a sus equipos o deportistas preferidos. En los \u00faltimos a\u00f1os la Facultad de Estudios Superiores Zaragoza, ha aumentado su participaci\u00f3n en esta rama e incrementado el n\u00famero de medallas obtenidas.<\/p>\t\t\t\t\t\t\t\t<\/div>\n\t\t\t\t<\/div>\n\t\t\t\t\t<\/div>\n\t\t<\/div>\n\t\t\t\t\t<\/div>\n\t\t<\/section>\n\t\t\t\t<section class=\"elementor-section elementor-top-section elementor-element elementor-element-d2ac72b elementor-section-boxed elementor-section-height-default elementor-section-height-default\" data-id=\"d2ac72b\" data-element_type=\"section\">\n\t\t\t\t\t\t<div class=\"elementor-container elementor-column-gap-default\">\n\t\t\t\t\t<div class=\"elementor-column elementor-col-100 elementor-top-column elementor-element elementor-element-381f139\" data-id=\"381f139\" data-element_type=\"column\">\n\t\t\t<div class=\"elementor-widget-wrap elementor-element-populated\">\n\t\t\t\t\t\t<div class=\"elementor-element elementor-element-ad090e9 elementor-widget elementor-widget-spacer\" data-id=\"ad090e9\" data-element_type=\"widget\" data-widget_type=\"spacer.default\">\n\t\t\t\t<div class=\"elementor-widget-container\">\n\t\t\t\t\t\t\t<div class=\"elementor-spacer\">\n\t\t\t<div class=\"elementor-spacer-inner\"><\/div>\n\t\t<\/div>\n\t\t\t\t\t\t<\/div>\n\t\t\t\t<\/div>\n\t\t\t\t\t<\/div>\n\t\t<\/div>\n\t\t\t\t\t<\/div>\n\t\t<\/section>\n\t\t\t\t<\/div>\n\t\t","protected":false},"excerpt":{"rendered":"<p>La Facultad de Estudios Superiores Zaragoza pone a disposici\u00f3n de&hellip;<\/p>\n<p> <a class=\"more-link\" href=\"https:\/\/www.zaragoza.unam.mx\/bienvenida-primer-ingreso\/formacion-integral-transversal\/\">Leer m\u00e1s<\/a><\/p>\n","protected":false},"author":1,"featured_media":0,"parent":0,"menu_order":0,"comment_status":"closed","ping_status":"closed","template":"elementor_header_footer","meta":{"footnotes":""},"class_list":["post-20342","page","type-page","status-publish"],"_links":{"self":[{"href":"https:\/\/www.zaragoza.unam.mx\/bienvenida-primer-ingreso\/wp-json\/wp\/v2\/pages\/20342","targetHints":{"allow":["GET"]}}],"collection":[{"href":"https:\/\/www.zaragoza.unam.mx\/bienvenida-primer-ingreso\/wp-json\/wp\/v2\/pages"}],"about":[{"href":"https:\/\/www.zaragoza.unam.mx\/bienvenida-primer-ingreso\/wp-json\/wp\/v2\/types\/page"}],"author":[{"embeddable":true,"href":"https:\/\/www.zaragoza.unam.mx\/bienvenida-primer-ingreso\/wp-json\/wp\/v2\/users\/1"}],"replies":[{"embeddable":true,"href":"https:\/\/www.zaragoza.unam.mx\/bienvenida-primer-ingreso\/wp-json\/wp\/v2\/comments?post=20342"}],"version-history":[{"count":40,"href":"https:\/\/www.zaragoza.unam.mx\/bienvenida-primer-ingreso\/wp-json\/wp\/v2\/pages\/20342\/revisions"}],"predecessor-version":[{"id":27096,"href":"https:\/\/www.zaragoza.unam.mx\/bienvenida-primer-ingreso\/wp-json\/wp\/v2\/pages\/20342\/revisions\/27096"}],"wp:attachment":[{"href":"https:\/\/www.zaragoza.unam.mx\/bienvenida-primer-ingreso\/wp-json\/wp\/v2\/media?parent=20342"}],"curies":[{"name":"wp","href":"https:\/\/api.w.org\/{rel}","templated":true}]}}